{"id":103906,"date":"2026-08-13T13:07:08","date_gmt":"2026-08-13T11:07:08","guid":{"rendered":"https:\/\/port.lukasiewicz.gov.pl\/get-to-know-us\/the-history-of-the-pracze-campus\/"},"modified":"2026-08-19T13:08:32","modified_gmt":"2026-08-19T11:08:32","slug":"the-history-of-the-pracze-campus","status":"publish","type":"page","link":"https:\/\/port.lukasiewicz.gov.pl\/en\/get-to-know-us\/the-history-of-the-pracze-campus\/","title":{"rendered":"The history of the Pracze Campus"},"content":{"rendered":"\t\t<div data-elementor-type=\"wp-page\" data-elementor-id=\"103906\" class=\"elementor elementor-103906 elementor-103867\" data-elementor-post-type=\"page\">\n\t\t\t\t<div class=\"elementor-element elementor-element-53604e3 e-flex e-con-boxed e-con e-parent\" data-id=\"53604e3\" data-element_type=\"container\" data-e-type=\"container\">\n\t\t\t\t\t<div class=\"e-con-inner\">\n\t\t<div class=\"elementor-element elementor-element-320954b e-con-full e-flex e-con e-child\" data-id=\"320954b\" data-element_type=\"container\" data-e-type=\"container\">\n\t\t\t\t<div class=\"elementor-element elementor-element-70ec8e9 elementor-widget__width-inherit elementor-widget elementor-widget-heading\" data-id=\"70ec8e9\" data-element_type=\"widget\" data-e-type=\"widget\" data-widget_type=\"heading.default\">\n\t\t\t\t<div class=\"elementor-widget-container\">\n\t\t\t\t\t<p class=\"elementor-heading-title elementor-size-large\">Get to know us<\/p>\t\t\t\t<\/div>\n\t\t\t\t<\/div>\n\t\t\t\t<div class=\"elementor-element elementor-element-b6c983a elementor-widget elementor-widget-heading\" data-id=\"b6c983a\" data-element_type=\"widget\" data-e-type=\"widget\" data-widget_type=\"heading.default\">\n\t\t\t\t<div class=\"elementor-widget-container\">\n\t\t\t\t\t<h2 class=\"elementor-heading-title elementor-size-default\">The history of the Pracze Campus<\/h2>\t\t\t\t<\/div>\n\t\t\t\t<\/div>\n\t\t\t\t<div class=\"elementor-element elementor-element-a9c3f84 elementor-widget elementor-widget-text-editor\" data-id=\"a9c3f84\" data-element_type=\"widget\" data-e-type=\"widget\" data-widget_type=\"text-editor.default\">\n\t\t\t\t<div class=\"elementor-widget-container\">\n\t\t\t\t\t\t\t\t\t<p><span data-contrast=\"auto\">The history of Pracze Campus dates back to the late 19th century, when Wroc\u0142aw was looking for a site for a new care facility for poor and incurably ill people. Over the following decades, the complex changed its function many times. It served as a place of care and treatment, a military hospital, and, for more than half a century, as an educational centre. Since the beginning of the 21st century, it has been developed as a scientific and research campus.  <\/span><span data-ccp-props=\"{}\"> <\/span><\/p><p><span data-contrast=\"auto\">The institutions and the purposes of individual buildings changed over time, but several recurring themes can be found throughout the history of the site: health, care, education, and the advancement of knowledge. Today, this history is continued by \u0141ukasiewicz \u2013 PORT. <\/span><span data-ccp-props=\"{}\"> <\/span><\/p>\t\t\t\t\t\t\t\t<\/div>\n\t\t\t\t<\/div>\n\t\t\t\t<div class=\"elementor-element elementor-element-2323769 elementor-widget elementor-widget-heading\" data-id=\"2323769\" data-element_type=\"widget\" data-e-type=\"widget\" data-widget_type=\"heading.default\">\n\t\t\t\t<div class=\"elementor-widget-container\">\n\t\t\t\t\t<h2 class=\"elementor-heading-title elementor-size-default\">The Beginnings of the Complex \u2013 A Place Conceived Differently <\/h2>\t\t\t\t<\/div>\n\t\t\t\t<\/div>\n\t\t\t\t<div class=\"elementor-element elementor-element-49c067d elementor-widget elementor-widget-text-editor\" data-id=\"49c067d\" data-element_type=\"widget\" data-e-type=\"widget\" data-widget_type=\"text-editor.default\">\n\t\t\t\t<div class=\"elementor-widget-container\">\n\t\t\t\t\t\t\t\t\t<p><span data-contrast=\"auto\">At the end of the 19th century, the rapidly growing city of Wroc\u0142aw needed a larger facility that could provide care for poor people, the chronically ill, and those requiring permanent support. The existing institution in the city centre was unable to accommodate the growing number of people in need. Several possible locations were considered, with the search focusing primarily on a large site that would meet the hygiene requirements of the time and allow for future expansion.  <\/span><span data-ccp-props=\"{}\"> <\/span><\/p><p><span data-contrast=\"auto\">In 1894, it was decided that the new institution would be built in Pracze Odrza\u0144skie, which at that time lay outside the boundaries of Wroc\u0142aw. The choice of location was influenced by factors including the extensive grounds, surrounding forests, proximity to the railway line, and the possibility of freely expanding the complex. Access to fresh air and abundant greenery was also important, as contemporary medical knowledge regarded these as significant elements of an environment conducive to health.  <\/span><span data-ccp-props=\"{}\"> <\/span><\/p><p><span data-contrast=\"auto\">The first concept for the group of buildings was prepared in 1896 by Richard Pl\u00fcddemann and Karl Klimm, architects associated with the Municipal Building Department. Construction began in 1900, and the main complex was completed in 1902. Separate residential and hospital buildings for women and men were arranged around a large, tree-lined square. This layout provided adequate light and fresh air while also helping to organise the operation of the entire institution.<\/span><span data-ccp-props=\"{}\"> <\/span><\/p>\t\t\t\t\t\t\t\t<\/div>\n\t\t\t\t<\/div>\n\t\t\t\t<div class=\"elementor-element elementor-element-1208f36 elementor-widget elementor-widget-image\" data-id=\"1208f36\" data-element_type=\"widget\" data-e-type=\"widget\" data-widget_type=\"image.default\">\n\t\t\t\t<div class=\"elementor-widget-container\">\n\t\t\t\t\t\t\t\t\t\t\t\t\t\t\t<img fetchpriority=\"high\" decoding=\"async\" width=\"1500\" height=\"947\" src=\"https:\/\/port.lukasiewicz.gov.pl\/wp-content\/uploads\/sites\/35\/2026\/08\/Instytut_Polski_Osrodek_Rozwoju_Technologii_Lukasiewicz_PORT_kampus_Pracze_ul_Stablowicka_Wroclaw_7487673.webp\" class=\"attachment-full size-full wp-image-104029\" alt=\"\" srcset=\"https:\/\/port.lukasiewicz.gov.pl\/wp-content\/uploads\/sites\/35\/2026\/08\/Instytut_Polski_Osrodek_Rozwoju_Technologii_Lukasiewicz_PORT_kampus_Pracze_ul_Stablowicka_Wroclaw_7487673.webp 1500w, https:\/\/port.lukasiewicz.gov.pl\/wp-content\/uploads\/sites\/35\/2026\/08\/Instytut_Polski_Osrodek_Rozwoju_Technologii_Lukasiewicz_PORT_kampus_Pracze_ul_Stablowicka_Wroclaw_7487673-300x189.webp 300w, https:\/\/port.lukasiewicz.gov.pl\/wp-content\/uploads\/sites\/35\/2026\/08\/Instytut_Polski_Osrodek_Rozwoju_Technologii_Lukasiewicz_PORT_kampus_Pracze_ul_Stablowicka_Wroclaw_7487673-1024x646.webp 1024w, https:\/\/port.lukasiewicz.gov.pl\/wp-content\/uploads\/sites\/35\/2026\/08\/Instytut_Polski_Osrodek_Rozwoju_Technologii_Lukasiewicz_PORT_kampus_Pracze_ul_Stablowicka_Wroclaw_7487673-768x485.webp 768w, https:\/\/port.lukasiewicz.gov.pl\/wp-content\/uploads\/sites\/35\/2026\/08\/Instytut_Polski_Osrodek_Rozwoju_Technologii_Lukasiewicz_PORT_kampus_Pracze_ul_Stablowicka_Wroclaw_7487673-1200x758.webp 1200w, https:\/\/port.lukasiewicz.gov.pl\/wp-content\/uploads\/sites\/35\/2026\/08\/Instytut_Polski_Osrodek_Rozwoju_Technologii_Lukasiewicz_PORT_kampus_Pracze_ul_Stablowicka_Wroclaw_7487673-24x15.webp 24w, https:\/\/port.lukasiewicz.gov.pl\/wp-content\/uploads\/sites\/35\/2026\/08\/Instytut_Polski_Osrodek_Rozwoju_Technologii_Lukasiewicz_PORT_kampus_Pracze_ul_Stablowicka_Wroclaw_7487673-36x23.webp 36w, https:\/\/port.lukasiewicz.gov.pl\/wp-content\/uploads\/sites\/35\/2026\/08\/Instytut_Polski_Osrodek_Rozwoju_Technologii_Lukasiewicz_PORT_kampus_Pracze_ul_Stablowicka_Wroclaw_7487673-48x30.webp 48w\" sizes=\"(max-width: 1500px) 100vw, 1500px\" \/>\t\t\t\t\t\t\t\t\t\t\t\t\t\t\t<\/div>\n\t\t\t\t<\/div>\n\t\t\t\t<div class=\"elementor-element elementor-element-1fe109f elementor-widget elementor-widget-heading\" data-id=\"1fe109f\" data-element_type=\"widget\" data-e-type=\"widget\" data-widget_type=\"heading.default\">\n\t\t\t\t<div class=\"elementor-widget-container\">\n\t\t\t\t\t<h2 class=\"elementor-heading-title elementor-size-default\">A Self-Sufficient Medical Facility <\/h2>\t\t\t\t<\/div>\n\t\t\t\t<\/div>\n\t\t\t\t<div class=\"elementor-element elementor-element-f981b59 elementor-widget elementor-widget-text-editor\" data-id=\"f981b59\" data-element_type=\"widget\" data-e-type=\"widget\" data-widget_type=\"text-editor.default\">\n\t\t\t\t<div class=\"elementor-widget-container\">\n\t\t\t\t\t\t\t\t\t<p><span data-contrast=\"auto\">From the outset, the complex was designed not only as a place of residence and treatment, but also as an extensive institution equipped with its own facilities necessary for everyday operation.<\/span><span data-ccp-props=\"{}\"> <\/span><\/p><p><span data-contrast=\"auto\">The service and administration building contained, among other things, a dining hall, laundry, boiler room, administrative rooms, and a hall used for meetings and prayer. The site also included stables, warehouses, technical facilities, and other utility buildings. A gardener\u2019s house was built, while a distinctive feature of the main building was its water tower. The design of the institution was presented at an exhibition in Dresden in 1901 as an example of an innovative model solution.   <\/span><span data-ccp-props=\"{}\"> <\/span><\/p><p><span data-contrast=\"auto\">Work played an important role in organising the residents\u2019 daily lives. Those whose health allowed them to do so helped to run the farm, tended gardens and cultivated the land, and worked in stables and craft workshops. Activities included shoemaking, metalworking, bookbinding, and simpler manual tasks. Women were involved, among other things, in sewing and repairing clothes.   <\/span><span data-ccp-props=\"{}\"> <\/span><\/p><p><span data-contrast=\"auto\">Residents could also use the library, play musical instruments, and spend time taking part in group activities. The institution therefore combined medical and social care with occupational activities and the organisation of everyday life. <\/span><span data-ccp-props=\"{}\"> <\/span><\/p><p><span data-contrast=\"auto\">When the facility opened, it was prepared to accommodate several hundred people. It soon became apparent, however, that demand was greater. Just a few years after opening, attics were converted to increase capacity, followed by further expansion of the complex.  <\/span><span data-ccp-props=\"{}\"> <\/span><\/p>\t\t\t\t\t\t\t\t<\/div>\n\t\t\t\t<\/div>\n\t\t\t\t<div class=\"elementor-element elementor-element-55b867f elementor-widget elementor-widget-image\" data-id=\"55b867f\" data-element_type=\"widget\" data-e-type=\"widget\" data-widget_type=\"image.default\">\n\t\t\t\t<div class=\"elementor-widget-container\">\n\t\t\t\t\t\t\t\t\t\t\t\t\t\t\t<img decoding=\"async\" width=\"700\" height=\"428\" src=\"https:\/\/port.lukasiewicz.gov.pl\/wp-content\/uploads\/sites\/35\/2026\/08\/Instytut_Polski_Osrodek_Rozwoju_Technologii_Lukasiewicz_PORT_kampus_Pracze_ul_Stablowicka_Wroclaw_001410.webp\" class=\"attachment-full size-full wp-image-104030\" alt=\"\" srcset=\"https:\/\/port.lukasiewicz.gov.pl\/wp-content\/uploads\/sites\/35\/2026\/08\/Instytut_Polski_Osrodek_Rozwoju_Technologii_Lukasiewicz_PORT_kampus_Pracze_ul_Stablowicka_Wroclaw_001410.webp 700w, https:\/\/port.lukasiewicz.gov.pl\/wp-content\/uploads\/sites\/35\/2026\/08\/Instytut_Polski_Osrodek_Rozwoju_Technologii_Lukasiewicz_PORT_kampus_Pracze_ul_Stablowicka_Wroclaw_001410-300x183.webp 300w, https:\/\/port.lukasiewicz.gov.pl\/wp-content\/uploads\/sites\/35\/2026\/08\/Instytut_Polski_Osrodek_Rozwoju_Technologii_Lukasiewicz_PORT_kampus_Pracze_ul_Stablowicka_Wroclaw_001410-24x15.webp 24w, https:\/\/port.lukasiewicz.gov.pl\/wp-content\/uploads\/sites\/35\/2026\/08\/Instytut_Polski_Osrodek_Rozwoju_Technologii_Lukasiewicz_PORT_kampus_Pracze_ul_Stablowicka_Wroclaw_001410-36x22.webp 36w, https:\/\/port.lukasiewicz.gov.pl\/wp-content\/uploads\/sites\/35\/2026\/08\/Instytut_Polski_Osrodek_Rozwoju_Technologii_Lukasiewicz_PORT_kampus_Pracze_ul_Stablowicka_Wroclaw_001410-48x29.webp 48w\" sizes=\"(max-width: 700px) 100vw, 700px\" \/>\t\t\t\t\t\t\t\t\t\t\t\t\t\t\t<\/div>\n\t\t\t\t<\/div>\n\t\t\t\t<div class=\"elementor-element elementor-element-c432b71 elementor-widget elementor-widget-heading\" data-id=\"c432b71\" data-element_type=\"widget\" data-e-type=\"widget\" data-widget_type=\"heading.default\">\n\t\t\t\t<div class=\"elementor-widget-container\">\n\t\t\t\t\t<h2 class=\"elementor-heading-title elementor-size-default\">Expansion Before the First World War <\/h2>\t\t\t\t<\/div>\n\t\t\t\t<\/div>\n\t\t\t\t<div class=\"elementor-element elementor-element-aeb4b23 elementor-widget elementor-widget-text-editor\" data-id=\"aeb4b23\" data-element_type=\"widget\" data-e-type=\"widget\" data-widget_type=\"text-editor.default\">\n\t\t\t\t<div class=\"elementor-widget-container\">\n\t\t\t\t\t\t\t\t\t<p><span data-contrast=\"auto\">A particularly important stage of development took place in 1912\u20131913. The grounds allocated to the institution were significantly enlarged, and new buildings were added to the existing architectural layout. <\/span><span data-ccp-props=\"{}\"> <\/span><\/p><p><span data-contrast=\"auto\">In 1912, Max Berg, working together with Georg M\u00fcller, designed a pavilion for women with epilepsy. Berg was already one of the most important architects working in Wroc\u0142aw at the time and was also the designer of the Centennial Hall, which was being built during the same period. The new building was integrated into the existing spatial arrangement of the complex, enclosing its main square on the southern side.  <\/span><span data-ccp-props=\"{}\"> <\/span><\/p><p><span data-contrast=\"auto\">A year later, a similar pavilion for men with epilepsy was built, designed by a Berlin architectural practice. A doctor\u2019s villa was also constructed at the same time. The expansion significantly increased the scale of the institution \u2013 by 1914, it was providing care for 934 people.  <\/span><span data-ccp-props=\"{}\"> <\/span><\/p><p><span data-contrast=\"auto\">Within just over a decade of the start of construction, an extensive complex incorporating medical, care, residential, and utility functions had therefore been created. Its layout was later adapted to meet changing needs, but the most important elements of the original design remained unchanged. <\/span><\/p>\t\t\t\t\t\t\t\t<\/div>\n\t\t\t\t<\/div>\n\t\t\t\t<div class=\"elementor-element elementor-element-b1a615e elementor-widget elementor-widget-heading\" data-id=\"b1a615e\" data-element_type=\"widget\" data-e-type=\"widget\" data-widget_type=\"heading.default\">\n\t\t\t\t<div class=\"elementor-widget-container\">\n\t\t\t\t\t<h2 class=\"elementor-heading-title elementor-size-default\">The Interwar Period \u2013 Tuberculosis Treatment <\/h2>\t\t\t\t<\/div>\n\t\t\t\t<\/div>\n\t\t\t\t<div class=\"elementor-element elementor-element-49be33d elementor-widget elementor-widget-text-editor\" data-id=\"49be33d\" data-element_type=\"widget\" data-e-type=\"widget\" data-widget_type=\"text-editor.default\">\n\t\t\t\t<div class=\"elementor-widget-container\">\n\t\t\t\t\t\t\t\t\t<p><span data-contrast=\"auto\">After the First World War, Wroc\u0142aw\u2019s healthcare needs changed. Tuberculosis was one of the more serious problems, with poor housing conditions and high population density contributing to its spread. <\/span><span data-ccp-props=\"{}\"> <\/span><\/p><p><span data-contrast=\"auto\">In 1921, one of the former hospitals for people with epilepsy was converted into a surgical ward equipped with an X-ray unit, while the other was transformed into a sanatorium. In 1928\u20131929, at the initiative of an association dedicated to combating tuberculosis, additional buildings for patients were constructed on the northern edge of the campus.<\/span><span data-ccp-props=\"{}\"> <\/span><\/p><p><span data-contrast=\"auto\">This was the first of several periods in the history of the complex when existing infrastructure was adapted to new medical needs. The buildings retained their basic architectural form, but their functions changed in response to developments in medicine and changes in the city\u2019s social conditions. <\/span><span data-ccp-props=\"{}\"> <\/span><\/p>\t\t\t\t\t\t\t\t<\/div>\n\t\t\t\t<\/div>\n\t\t\t\t<div class=\"elementor-element elementor-element-e9cd683 elementor-widget elementor-widget-image\" data-id=\"e9cd683\" data-element_type=\"widget\" data-e-type=\"widget\" data-widget_type=\"image.default\">\n\t\t\t\t<div class=\"elementor-widget-container\">\n\t\t\t\t\t\t\t\t\t\t\t\t\t\t\t<img decoding=\"async\" width=\"1280\" height=\"919\" src=\"https:\/\/port.lukasiewicz.gov.pl\/wp-content\/uploads\/sites\/35\/2026\/08\/Budynek_nr_H_Wroclaw_266069.webp\" class=\"attachment-full size-full wp-image-104031\" alt=\"\" srcset=\"https:\/\/port.lukasiewicz.gov.pl\/wp-content\/uploads\/sites\/35\/2026\/08\/Budynek_nr_H_Wroclaw_266069.webp 1280w, https:\/\/port.lukasiewicz.gov.pl\/wp-content\/uploads\/sites\/35\/2026\/08\/Budynek_nr_H_Wroclaw_266069-300x215.webp 300w, https:\/\/port.lukasiewicz.gov.pl\/wp-content\/uploads\/sites\/35\/2026\/08\/Budynek_nr_H_Wroclaw_266069-1024x735.webp 1024w, https:\/\/port.lukasiewicz.gov.pl\/wp-content\/uploads\/sites\/35\/2026\/08\/Budynek_nr_H_Wroclaw_266069-768x551.webp 768w, https:\/\/port.lukasiewicz.gov.pl\/wp-content\/uploads\/sites\/35\/2026\/08\/Budynek_nr_H_Wroclaw_266069-1200x862.webp 1200w, https:\/\/port.lukasiewicz.gov.pl\/wp-content\/uploads\/sites\/35\/2026\/08\/Budynek_nr_H_Wroclaw_266069-24x17.webp 24w, https:\/\/port.lukasiewicz.gov.pl\/wp-content\/uploads\/sites\/35\/2026\/08\/Budynek_nr_H_Wroclaw_266069-36x26.webp 36w, https:\/\/port.lukasiewicz.gov.pl\/wp-content\/uploads\/sites\/35\/2026\/08\/Budynek_nr_H_Wroclaw_266069-48x34.webp 48w\" sizes=\"(max-width: 1280px) 100vw, 1280px\" \/>\t\t\t\t\t\t\t\t\t\t\t\t\t\t\t<\/div>\n\t\t\t\t<\/div>\n\t\t\t\t<div class=\"elementor-element elementor-element-7a1e5ed elementor-widget elementor-widget-heading\" data-id=\"7a1e5ed\" data-element_type=\"widget\" data-e-type=\"widget\" data-widget_type=\"heading.default\">\n\t\t\t\t<div class=\"elementor-widget-container\">\n\t\t\t\t\t<h2 class=\"elementor-heading-title elementor-size-default\">The Second World War \u2013 A Military Hospital <\/h2>\t\t\t\t<\/div>\n\t\t\t\t<\/div>\n\t\t\t\t<div class=\"elementor-element elementor-element-9172d99 elementor-widget elementor-widget-text-editor\" data-id=\"9172d99\" data-element_type=\"widget\" data-e-type=\"widget\" data-widget_type=\"text-editor.default\">\n\t\t\t\t<div class=\"elementor-widget-container\">\n\t\t\t\t\t\t\t\t\t<p><span data-contrast=\"auto\">Another fundamental change occurred during the Second World War. In the 1940s, the complex was converted into a military hospital.  <\/span><span data-ccp-props=\"{}\"> <\/span><\/p><p><span data-contrast=\"auto\">After the fighting for Wroc\u0142aw ended, the buildings were taken over by the Red Army, which used them until 1947. This relatively short period left traces that can still be seen in the buildings themselves \u2013 for example, inscriptions in Cyrillic were recorded on the walls of one of the buildings. <\/span><span data-ccp-props=\"{}\"> <\/span><\/p><p><span data-contrast=\"auto\">In 1947, the complex was taken over by the Polish administration. This marked the end of the first stage of its history, lasting almost half a century, during which care and medical functions had predominated. <\/span><\/p>\t\t\t\t\t\t\t\t<\/div>\n\t\t\t\t<\/div>\n\t\t\t\t<div class=\"elementor-element elementor-element-786ef4e elementor-widget elementor-widget-heading\" data-id=\"786ef4e\" data-element_type=\"widget\" data-e-type=\"widget\" data-widget_type=\"heading.default\">\n\t\t\t\t<div class=\"elementor-widget-container\">\n\t\t\t\t\t<h2 class=\"elementor-heading-title elementor-size-default\">The Campus as a Place of Education and Learning <\/h2>\t\t\t\t<\/div>\n\t\t\t\t<\/div>\n\t\t\t\t<div class=\"elementor-element elementor-element-108c1e0 elementor-widget elementor-widget-text-editor\" data-id=\"108c1e0\" data-element_type=\"widget\" data-e-type=\"widget\" data-widget_type=\"text-editor.default\">\n\t\t\t\t<div class=\"elementor-widget-container\">\n\t\t\t\t\t\t\t\t\t<p><span data-contrast=\"auto\">In May 1947, a School of Industrial Training was established in the former medical buildings. Initially, education had a strongly practical character, with vocational training taking place, among other locations, in industrial plants in Wroc\u0142aw. <\/span><span data-ccp-props=\"{}\"> <\/span><\/p><p><span data-contrast=\"auto\">As early as 1948, an Industrial Secondary School was established, which two years later was transformed into a Mechanical Technical School. In 1954, the existing schools became the basis for the establishment of the Agricultural Schools Complex. In its early years, programmes included fields related to land drainage and agricultural mechanisation.  <\/span><span data-ccp-props=\"{}\"> <\/span><\/p><p><span data-contrast=\"auto\">The transformation of the entire complex was significant. Buildings that had previously housed hospital wards and residential rooms began to serve as classrooms, laboratories, workshops, and dormitories. Around 300 students lived in former hospital buildings. The complex included a canteen, sports facilities were developed, and a swimming pool was also built in the park.   <\/span><span data-ccp-props=\"{}\"> <\/span><\/p><p><span data-contrast=\"auto\">In subsequent years, the site was home to institutions including the Agricultural Mechanisation Technical School, Water Management and Drainage Technical School, and Horticultural Technical School, and later also Secondary School No. XIX, the Environmental Protection Secondary School, the Food Technology Secondary School, and post-secondary schools.<\/span><span data-ccp-props=\"{}\"> <\/span><\/p><p><span data-contrast=\"auto\">For several decades, therefore, the Pracze complex was a place of learning, work, and everyday life for successive generations of students. The function of the buildings was completely different from that of the early 20th century, but once again the campus brought many different activities together in one place \u2013 schools and workshops as well as dormitories and recreational facilities. <\/span><\/p>\t\t\t\t\t\t\t\t<\/div>\n\t\t\t\t<\/div>\n\t\t\t\t<div class=\"elementor-element elementor-element-a4fa022 elementor-widget elementor-widget-heading\" data-id=\"a4fa022\" data-element_type=\"widget\" data-e-type=\"widget\" data-widget_type=\"heading.default\">\n\t\t\t\t<div class=\"elementor-widget-container\">\n\t\t\t\t\t<h2 class=\"elementor-heading-title elementor-size-default\">The Smallpox Epidemic of 1963 <\/h2>\t\t\t\t<\/div>\n\t\t\t\t<\/div>\n\t\t\t\t<div class=\"elementor-element elementor-element-ac12160 elementor-widget elementor-widget-text-editor\" data-id=\"ac12160\" data-element_type=\"widget\" data-e-type=\"widget\" data-widget_type=\"text-editor.default\">\n\t\t\t\t<div class=\"elementor-widget-container\">\n\t\t\t\t\t\t\t\t\t<p><span data-contrast=\"auto\">In the summer of 1963, a smallpox epidemic broke out in Wroc\u0142aw. The city authorities had to rapidly prepare facilities where patients and people suspected of infection could be isolated. One such isolation facility was organised in the buildings of the Agricultural Schools Complex in Pracze.  <\/span><span data-ccp-props=\"{}\"> <\/span><\/p><p><span data-contrast=\"auto\">Patients from various parts of Wroc\u0142aw were brought to the complex. Access to the isolation facility was restricted, and quarantine zones were guarded by the militia. The epidemic lasted 47 days. A total of 99 people contracted the disease, seven of whom died.   <\/span><span data-ccp-props=\"{}\"> <\/span><\/p><p><span data-contrast=\"auto\">After the epidemic ended, the buildings returned to their educational functions. In 1991, the complex was entered into the register of historic monuments.<\/span><span data-ccp-props=\"{}\"> <\/span><\/p>\t\t\t\t\t\t\t\t<\/div>\n\t\t\t\t<\/div>\n\t\t\t\t<div class=\"elementor-element elementor-element-e2414b2 elementor-widget elementor-widget-heading\" data-id=\"e2414b2\" data-element_type=\"widget\" data-e-type=\"widget\" data-widget_type=\"heading.default\">\n\t\t\t\t<div class=\"elementor-widget-container\">\n\t\t\t\t\t<h2 class=\"elementor-heading-title elementor-size-default\">The End of the Schools\u2019 Activities <\/h2>\t\t\t\t<\/div>\n\t\t\t\t<\/div>\n\t\t\t\t<div class=\"elementor-element elementor-element-6d5fdc1 elementor-widget elementor-widget-text-editor\" data-id=\"6d5fdc1\" data-element_type=\"widget\" data-e-type=\"widget\" data-widget_type=\"text-editor.default\">\n\t\t\t\t<div class=\"elementor-widget-container\">\n\t\t\t\t\t\t\t\t\t<p><span data-contrast=\"auto\">Educational institutions continued to operate in Pracze until the beginning of the 21st century. From the 1990s onward, however, a gradual process of closure and reorganisation took place. The final school ceased operations in 2007.   <\/span><span data-ccp-props=\"{}\"> <\/span><\/p><p><span data-contrast=\"auto\">The end of educational activities marked the conclusion of a period lasting approximately six decades. At the same time, efforts began to find a new use for the extensive complex. This time, its new purpose was to be scientific research and technological development.  <\/span><span data-ccp-props=\"{}\"> <\/span><\/p>\t\t\t\t\t\t\t\t<\/div>\n\t\t\t\t<\/div>\n\t\t\t\t<div class=\"elementor-element elementor-element-0582362 elementor-widget elementor-widget-image\" data-id=\"0582362\" data-element_type=\"widget\" data-e-type=\"widget\" data-widget_type=\"image.default\">\n\t\t\t\t<div class=\"elementor-widget-container\">\n\t\t\t\t\t\t\t\t\t\t\t\t\t\t\t<img loading=\"lazy\" decoding=\"async\" width=\"1920\" height=\"1280\" src=\"https:\/\/port.lukasiewicz.gov.pl\/wp-content\/uploads\/sites\/35\/2026\/08\/GRA-110.webp\" class=\"attachment-full size-full wp-image-104032\" alt=\"\" srcset=\"https:\/\/port.lukasiewicz.gov.pl\/wp-content\/uploads\/sites\/35\/2026\/08\/GRA-110.webp 1920w, https:\/\/port.lukasiewicz.gov.pl\/wp-content\/uploads\/sites\/35\/2026\/08\/GRA-110-300x200.webp 300w, https:\/\/port.lukasiewicz.gov.pl\/wp-content\/uploads\/sites\/35\/2026\/08\/GRA-110-1024x683.webp 1024w, https:\/\/port.lukasiewicz.gov.pl\/wp-content\/uploads\/sites\/35\/2026\/08\/GRA-110-768x512.webp 768w, https:\/\/port.lukasiewicz.gov.pl\/wp-content\/uploads\/sites\/35\/2026\/08\/GRA-110-1536x1024.webp 1536w, https:\/\/port.lukasiewicz.gov.pl\/wp-content\/uploads\/sites\/35\/2026\/08\/GRA-110-1200x800.webp 1200w, https:\/\/port.lukasiewicz.gov.pl\/wp-content\/uploads\/sites\/35\/2026\/08\/GRA-110-24x16.webp 24w, https:\/\/port.lukasiewicz.gov.pl\/wp-content\/uploads\/sites\/35\/2026\/08\/GRA-110-36x24.webp 36w, https:\/\/port.lukasiewicz.gov.pl\/wp-content\/uploads\/sites\/35\/2026\/08\/GRA-110-48x32.webp 48w\" sizes=\"(max-width: 1920px) 100vw, 1920px\" \/>\t\t\t\t\t\t\t\t\t\t\t\t\t\t\t<\/div>\n\t\t\t\t<\/div>\n\t\t\t\t<div class=\"elementor-element elementor-element-ac59cea elementor-widget elementor-widget-heading\" data-id=\"ac59cea\" data-element_type=\"widget\" data-e-type=\"widget\" data-widget_type=\"heading.default\">\n\t\t\t\t<div class=\"elementor-widget-container\">\n\t\t\t\t\t<h2 class=\"elementor-heading-title elementor-size-default\">The Creation of a Research Campus <\/h2>\t\t\t\t<\/div>\n\t\t\t\t<\/div>\n\t\t\t\t<div class=\"elementor-element elementor-element-fefc6af elementor-widget elementor-widget-text-editor\" data-id=\"fefc6af\" data-element_type=\"widget\" data-e-type=\"widget\" data-widget_type=\"text-editor.default\">\n\t\t\t\t<div class=\"elementor-widget-container\">\n\t\t\t\t\t\t\t\t\t<p><span data-contrast=\"auto\">In 2006, the Wroc\u0142aw Research Centre EIT+ was established with the involvement of the City of Wroc\u0142aw and the academic community. This marked the beginning of the gradual transformation of Pracze into a modern research campus. <\/span><span data-ccp-props=\"{}\"> <\/span><\/p><p><span data-contrast=\"auto\">Some of the existing buildings underwent comprehensive modernisation while being adapted to the requirements of contemporary laboratories. Specialist laboratories and research infrastructure were developed on the campus for fields including biotechnology, nanotechnology, and materials research. <\/span><span data-ccp-props=\"{}\"> <\/span><\/p><p><span data-contrast=\"auto\">One of the important stages of this redevelopment was the opening, in November 2014, of two modernised and expanded laboratory buildings. The redevelopment and expansion of these buildings alone cost approximately PLN 108 million, with additional funds allocated to specialist equipment. <\/span><span data-ccp-props=\"{}\"> <\/span><\/p>\t\t\t\t\t\t\t\t<\/div>\n\t\t\t\t<\/div>\n\t\t\t\t<div class=\"elementor-element elementor-element-68a97cc elementor-widget elementor-widget-heading\" data-id=\"68a97cc\" data-element_type=\"widget\" data-e-type=\"widget\" data-widget_type=\"heading.default\">\n\t\t\t\t<div class=\"elementor-widget-container\">\n\t\t\t\t\t<h2 class=\"elementor-heading-title elementor-size-default\">From EIT+ to PORT <\/h2>\t\t\t\t<\/div>\n\t\t\t\t<\/div>\n\t\t\t\t<div class=\"elementor-element elementor-element-a5f4f16 elementor-widget elementor-widget-text-editor\" data-id=\"a5f4f16\" data-element_type=\"widget\" data-e-type=\"widget\" data-widget_type=\"text-editor.default\">\n\t\t\t\t<div class=\"elementor-widget-container\">\n\t\t\t\t\t\t\t\t\t<p><span data-contrast=\"auto\">In 2017, the ownership structure of the Wroc\u0142aw Research Centre EIT+ changed. The City of Wroc\u0142aw and Wroc\u0142aw\u2019s universities transferred their shares to the State Treasury, and supervision of the centre was taken over by the ministry responsible for science. <\/span><span data-ccp-props=\"{}\"> <\/span><\/p><p><span data-contrast=\"auto\">A year later, the institution also changed its name. The Wroc\u0142aw Research Centre EIT+ became the Polish Centre for Technology Development \u2013 PORT. Together with the new name, a new strategy was introduced, placing greater emphasis on applied research, technology development, and cooperation between science and industry.  <\/span><span data-ccp-props=\"{}\"> <\/span><\/p><p><span data-contrast=\"auto\">On 1 April 2019, PORT became part of the newly established \u0141ukasiewicz Research Network. Since then, the institute has operated as the \u0141ukasiewicz Research Network \u2013 PORT Polish Centre for Technology Development. <\/span><span data-ccp-props=\"{}\"> <\/span><\/p>\t\t\t\t\t\t\t\t<\/div>\n\t\t\t\t<\/div>\n\t\t\t\t<div class=\"elementor-element elementor-element-f314757 elementor-widget elementor-widget-image\" data-id=\"f314757\" data-element_type=\"widget\" data-e-type=\"widget\" data-widget_type=\"image.default\">\n\t\t\t\t<div class=\"elementor-widget-container\">\n\t\t\t\t\t\t\t\t\t\t\t\t\t\t\t<img loading=\"lazy\" decoding=\"async\" width=\"2560\" height=\"1706\" src=\"https:\/\/port.lukasiewicz.gov.pl\/wp-content\/uploads\/sites\/35\/2026\/08\/DJI_0759-1-scaled.webp\" class=\"attachment-full size-full wp-image-104033\" alt=\"\" srcset=\"https:\/\/port.lukasiewicz.gov.pl\/wp-content\/uploads\/sites\/35\/2026\/08\/DJI_0759-1-scaled.webp 2560w, https:\/\/port.lukasiewicz.gov.pl\/wp-content\/uploads\/sites\/35\/2026\/08\/DJI_0759-1-300x200.webp 300w, https:\/\/port.lukasiewicz.gov.pl\/wp-content\/uploads\/sites\/35\/2026\/08\/DJI_0759-1-1024x682.webp 1024w, https:\/\/port.lukasiewicz.gov.pl\/wp-content\/uploads\/sites\/35\/2026\/08\/DJI_0759-1-768x512.webp 768w, https:\/\/port.lukasiewicz.gov.pl\/wp-content\/uploads\/sites\/35\/2026\/08\/DJI_0759-1-1536x1023.webp 1536w, https:\/\/port.lukasiewicz.gov.pl\/wp-content\/uploads\/sites\/35\/2026\/08\/DJI_0759-1-2048x1365.webp 2048w, https:\/\/port.lukasiewicz.gov.pl\/wp-content\/uploads\/sites\/35\/2026\/08\/DJI_0759-1-1200x800.webp 1200w, https:\/\/port.lukasiewicz.gov.pl\/wp-content\/uploads\/sites\/35\/2026\/08\/DJI_0759-1-1980x1319.webp 1980w, https:\/\/port.lukasiewicz.gov.pl\/wp-content\/uploads\/sites\/35\/2026\/08\/DJI_0759-1-24x16.webp 24w, https:\/\/port.lukasiewicz.gov.pl\/wp-content\/uploads\/sites\/35\/2026\/08\/DJI_0759-1-36x24.webp 36w, https:\/\/port.lukasiewicz.gov.pl\/wp-content\/uploads\/sites\/35\/2026\/08\/DJI_0759-1-48x32.webp 48w\" sizes=\"(max-width: 2560px) 100vw, 2560px\" \/>\t\t\t\t\t\t\t\t\t\t\t\t\t\t\t<\/div>\n\t\t\t\t<\/div>\n\t\t\t\t<div class=\"elementor-element elementor-element-4c55c66 elementor-widget elementor-widget-heading\" data-id=\"4c55c66\" data-element_type=\"widget\" data-e-type=\"widget\" data-widget_type=\"heading.default\">\n\t\t\t\t<div class=\"elementor-widget-container\">\n\t\t\t\t\t<h2 class=\"elementor-heading-title elementor-size-default\">Reuniting Pracze Campus <\/h2>\t\t\t\t<\/div>\n\t\t\t\t<\/div>\n\t\t\t\t<div class=\"elementor-element elementor-element-25c9ebc elementor-widget elementor-widget-text-editor\" data-id=\"25c9ebc\" data-element_type=\"widget\" data-e-type=\"widget\" data-widget_type=\"text-editor.default\">\n\t\t\t\t<div class=\"elementor-widget-container\">\n\t\t\t\t\t\t\t\t\t<p><span data-contrast=\"auto\">Initially, \u0141ukasiewicz \u2013 PORT occupied only part of the site and its buildings, while the remainder of the complex remained the property of the city. The remaining buildings were transferred to the institute on 4 April 2022. <\/span><span data-ccp-props=\"{}\"> <\/span><\/p><p><span data-contrast=\"auto\">The agreement signed at that time to reintegrate Pracze Campus expanded the institute\u2019s grounds by more than four hectares and increased its building stock by approximately 21,000 m\u00b2 of floor space. New functions were planned for some of the acquired buildings, including research, technology development, and education.  <\/span><span data-ccp-props=\"{}\"> <\/span><\/p><p><span data-contrast=\"auto\">The reintegration was also important from the perspective of protecting the historic complex. It made it possible to view the site as a whole once again and to plan the next stages of its development while taking into account both the needs of a contemporary research institute and the historical character of the campus. <\/span><span data-ccp-props=\"{}\"> <\/span><\/p>\t\t\t\t\t\t\t\t<\/div>\n\t\t\t\t<\/div>\n\t\t\t\t<div class=\"elementor-element elementor-element-702b755 elementor-widget elementor-widget-heading\" data-id=\"702b755\" data-element_type=\"widget\" data-e-type=\"widget\" data-widget_type=\"heading.default\">\n\t\t\t\t<div class=\"elementor-widget-container\">\n\t\t\t\t\t<h2 class=\"elementor-heading-title elementor-size-default\">Pracze Campus Today <\/h2>\t\t\t\t<\/div>\n\t\t\t\t<\/div>\n\t\t\t\t<div class=\"elementor-element elementor-element-27141d8 elementor-widget elementor-widget-text-editor\" data-id=\"27141d8\" data-element_type=\"widget\" data-e-type=\"widget\" data-widget_type=\"text-editor.default\">\n\t\t\t\t<div class=\"elementor-widget-container\">\n\t\t\t\t\t\t\t\t\t<p><span data-contrast=\"auto\">Today, Pracze Campus is home to \u0141ukasiewicz \u2013 PORT, a research institute belonging to the \u0141ukasiewicz Research Network. Research focuses primarily on areas related to health, biotechnology, and materials engineering. Scientific activity is organised around three centres: <a href=\"https:\/\/port.lukasiewicz.gov.pl\/en\/rd-centers\/population-diagnostics-center\/\">the Population Diagnostics Centre<\/a>, <a href=\"https:\/\/port.lukasiewicz.gov.pl\/en\/rd-centers\/materials-science-engineering-center\/\">the Materials Engineering Centre,<\/a> and <a href=\"https:\/\/port.lukasiewicz.gov.pl\/en\/rd-centers\/p4health-center\/\">the P4Health Centre<\/a>.  <\/span><span data-ccp-props=\"{}\"> <\/span><\/p><p><span data-contrast=\"auto\">The campus conducts both basic and applied research, as well as work related to diagnostics, technology development, and cooperation with scientific and business partners. It is home to <a href=\"https:\/\/port.lukasiewicz.gov.pl\/en\/what-we-offer\/services\/\">specialist laboratories<\/a> and <a href=\"https:\/\/port.lukasiewicz.gov.pl\/en\/rd-centers\/\">international research teams<\/a>. <\/span><span data-ccp-props=\"{}\"> <\/span><\/p><p><span data-contrast=\"auto\"><a href=\"https:\/\/port.lukasiewicz.gov.pl\/en\/get-to-know-us\/social-responsibility-of-science\/\">Education and the popularisation of science<\/a> also remain important elements of its present-day activities. In this way, the educational role that was closely associated with Pracze for many decades continues today, although in a different form. <\/span><span data-ccp-props=\"{}\"> <\/span><\/p><p><span data-contrast=\"auto\">The campus is also a place where cooperation between scientific institutions is being developed. In February 2025, \u0141ukasiewicz \u2013 PORT initiated <a href=\"https:\/\/port.lukasiewicz.gov.pl\/en\/get-to-know-us\/wroclaw-biotech-hub\/\">the Wroc\u0142aw BioTech Hub<\/a> \u2013 an agreement bringing together seven Wroc\u0142aw universities, scientific institutes, and research institutions cooperating in the fields of biotechnology, medicine, and the sciences and engineering. \u0141ukasiewicz \u2013 PORT acts as the initiator and coordinator of the initiative.  <\/span><\/p>\t\t\t\t\t\t\t\t<\/div>\n\t\t\t\t<\/div>\n\t\t\t\t<div class=\"elementor-element elementor-element-8dd19d9 elementor-widget elementor-widget-gallery\" data-id=\"8dd19d9\" data-element_type=\"widget\" data-e-type=\"widget\" data-settings=\"{&quot;columns&quot;:3,&quot;gap&quot;:{&quot;unit&quot;:&quot;px&quot;,&quot;size&quot;:8,&quot;sizes&quot;:[]},&quot;overlay_description&quot;:&quot;title&quot;,&quot;lazyload&quot;:&quot;yes&quot;,&quot;gallery_layout&quot;:&quot;grid&quot;,&quot;columns_tablet&quot;:2,&quot;columns_mobile&quot;:1,&quot;gap_tablet&quot;:{&quot;unit&quot;:&quot;px&quot;,&quot;size&quot;:10,&quot;sizes&quot;:[]},&quot;gap_mobile&quot;:{&quot;unit&quot;:&quot;px&quot;,&quot;size&quot;:10,&quot;sizes&quot;:[]},&quot;link_to&quot;:&quot;file&quot;,&quot;aspect_ratio&quot;:&quot;3:2&quot;,&quot;content_hover_animation&quot;:&quot;fade-in&quot;}\" data-widget_type=\"gallery.default\">\n\t\t\t\t<div class=\"elementor-widget-container\">\n\t\t\t\t\t\t\t<div class=\"elementor-gallery__container\">\n\t\t\t\t\t\t\t<a class=\"e-gallery-item elementor-gallery-item elementor-animated-content\" href=\"https:\/\/port.lukasiewicz.gov.pl\/wp-content\/uploads\/sites\/35\/2026\/08\/L34A9856-2-scaled.webp\" data-elementor-open-lightbox=\"yes\" data-elementor-lightbox-slideshow=\"8dd19d9\" data-elementor-lightbox-title=\"Building C\" data-e-action-hash=\"#elementor-action%3Aaction%3Dlightbox%26settings%3DeyJpZCI6MTAzODk2LCJ1cmwiOiJodHRwczpcL1wvcG9ydC5sdWthc2lld2ljei5nb3YucGxcL3dwLWNvbnRlbnRcL3VwbG9hZHNcL3NpdGVzXC8zNVwvMjAyNlwvMDhcL0wzNEE5ODU2LTItc2NhbGVkLndlYnAiLCJzbGlkZXNob3ciOiI4ZGQxOWQ5In0%3D\">\n\t\t\t\t\t<div class=\"e-gallery-image elementor-gallery-item__image\" data-thumbnail=\"https:\/\/port.lukasiewicz.gov.pl\/wp-content\/uploads\/sites\/35\/2026\/08\/L34A9856-2-300x200.webp\" data-width=\"300\" data-height=\"200\" aria-label=\"\" role=\"img\" ><\/div>\n\t\t\t\t\t\t\t\t\t\t\t\t\t\t\t<div class=\"elementor-gallery-item__content\">\n\t\t\t\t\t\t\t\t\t\t\t\t\t\t<div class=\"elementor-gallery-item__description\">\n\t\t\t\t\t\t\t\t\t\t\t\t\t\t\t\t\t\tBuilding C\t\t\t\t\t\t\t\t<\/div>\n\t\t\t\t\t\t\t\t\t\t\t\t<\/div>\n\t\t\t\t\t\t\t\t\t<\/a>\n\t\t\t\t\t\t\t<a class=\"e-gallery-item elementor-gallery-item elementor-animated-content\" href=\"https:\/\/port.lukasiewicz.gov.pl\/wp-content\/uploads\/sites\/35\/2026\/08\/L34A9757-2-scaled.webp\" data-elementor-open-lightbox=\"yes\" data-elementor-lightbox-slideshow=\"8dd19d9\" data-elementor-lightbox-title=\"Building A\" data-e-action-hash=\"#elementor-action%3Aaction%3Dlightbox%26settings%3DeyJpZCI6MTAzODk3LCJ1cmwiOiJodHRwczpcL1wvcG9ydC5sdWthc2lld2ljei5nb3YucGxcL3dwLWNvbnRlbnRcL3VwbG9hZHNcL3NpdGVzXC8zNVwvMjAyNlwvMDhcL0wzNEE5NzU3LTItc2NhbGVkLndlYnAiLCJzbGlkZXNob3ciOiI4ZGQxOWQ5In0%3D\">\n\t\t\t\t\t<div class=\"e-gallery-image elementor-gallery-item__image\" data-thumbnail=\"https:\/\/port.lukasiewicz.gov.pl\/wp-content\/uploads\/sites\/35\/2026\/08\/L34A9757-2-300x200.webp\" data-width=\"300\" data-height=\"200\" aria-label=\"\" role=\"img\" ><\/div>\n\t\t\t\t\t\t\t\t\t\t\t\t\t\t\t<div class=\"elementor-gallery-item__content\">\n\t\t\t\t\t\t\t\t\t\t\t\t\t\t<div class=\"elementor-gallery-item__description\">\n\t\t\t\t\t\t\t\t\t\t\t\t\t\t\t\t\t\tBuilding A\t\t\t\t\t\t\t\t<\/div>\n\t\t\t\t\t\t\t\t\t\t\t\t<\/div>\n\t\t\t\t\t\t\t\t\t<\/a>\n\t\t\t\t\t\t\t<a class=\"e-gallery-item elementor-gallery-item elementor-animated-content\" href=\"https:\/\/port.lukasiewicz.gov.pl\/wp-content\/uploads\/sites\/35\/2026\/08\/L34A9948-2-scaled.webp\" data-elementor-open-lightbox=\"yes\" data-elementor-lightbox-slideshow=\"8dd19d9\" data-elementor-lightbox-title=\"Building E\" data-e-action-hash=\"#elementor-action%3Aaction%3Dlightbox%26settings%3DeyJpZCI6MTAzODk4LCJ1cmwiOiJodHRwczpcL1wvcG9ydC5sdWthc2lld2ljei5nb3YucGxcL3dwLWNvbnRlbnRcL3VwbG9hZHNcL3NpdGVzXC8zNVwvMjAyNlwvMDhcL0wzNEE5OTQ4LTItc2NhbGVkLndlYnAiLCJzbGlkZXNob3ciOiI4ZGQxOWQ5In0%3D\">\n\t\t\t\t\t<div class=\"e-gallery-image elementor-gallery-item__image\" data-thumbnail=\"https:\/\/port.lukasiewicz.gov.pl\/wp-content\/uploads\/sites\/35\/2026\/08\/L34A9948-2-300x200.webp\" data-width=\"300\" data-height=\"200\" aria-label=\"Building E\" role=\"img\" ><\/div>\n\t\t\t\t\t\t\t\t\t\t\t\t\t\t\t<div class=\"elementor-gallery-item__content\">\n\t\t\t\t\t\t\t\t\t\t\t\t\t\t<div class=\"elementor-gallery-item__description\">\n\t\t\t\t\t\t\t\t\t\t\t\t\t\t\t\t\t\tBuilding E\t\t\t\t\t\t\t\t<\/div>\n\t\t\t\t\t\t\t\t\t\t\t\t<\/div>\n\t\t\t\t\t\t\t\t\t<\/a>\n\t\t\t\t\t\t\t<a class=\"e-gallery-item elementor-gallery-item elementor-animated-content\" href=\"https:\/\/port.lukasiewicz.gov.pl\/wp-content\/uploads\/sites\/35\/2026\/08\/L34A9885-2-scaled.webp\" data-elementor-open-lightbox=\"yes\" data-elementor-lightbox-slideshow=\"8dd19d9\" data-elementor-lightbox-title=\"Building A\" data-e-action-hash=\"#elementor-action%3Aaction%3Dlightbox%26settings%3DeyJpZCI6MTAzODk5LCJ1cmwiOiJodHRwczpcL1wvcG9ydC5sdWthc2lld2ljei5nb3YucGxcL3dwLWNvbnRlbnRcL3VwbG9hZHNcL3NpdGVzXC8zNVwvMjAyNlwvMDhcL0wzNEE5ODg1LTItc2NhbGVkLndlYnAiLCJzbGlkZXNob3ciOiI4ZGQxOWQ5In0%3D\">\n\t\t\t\t\t<div class=\"e-gallery-image elementor-gallery-item__image\" data-thumbnail=\"https:\/\/port.lukasiewicz.gov.pl\/wp-content\/uploads\/sites\/35\/2026\/08\/L34A9885-2-300x200.webp\" data-width=\"300\" data-height=\"200\" aria-label=\"\" role=\"img\" ><\/div>\n\t\t\t\t\t\t\t\t\t\t\t\t\t\t\t<div class=\"elementor-gallery-item__content\">\n\t\t\t\t\t\t\t\t\t\t\t\t\t\t<div class=\"elementor-gallery-item__description\">\n\t\t\t\t\t\t\t\t\t\t\t\t\t\t\t\t\t\tBuilding A\t\t\t\t\t\t\t\t<\/div>\n\t\t\t\t\t\t\t\t\t\t\t\t<\/div>\n\t\t\t\t\t\t\t\t\t<\/a>\n\t\t\t\t\t\t\t<a class=\"e-gallery-item elementor-gallery-item elementor-animated-content\" href=\"https:\/\/port.lukasiewicz.gov.pl\/wp-content\/uploads\/sites\/35\/2026\/08\/L34A9905-2-scaled.webp\" data-elementor-open-lightbox=\"yes\" data-elementor-lightbox-slideshow=\"8dd19d9\" data-elementor-lightbox-title=\"Building E\" data-e-action-hash=\"#elementor-action%3Aaction%3Dlightbox%26settings%3DeyJpZCI6MTAzOTAwLCJ1cmwiOiJodHRwczpcL1wvcG9ydC5sdWthc2lld2ljei5nb3YucGxcL3dwLWNvbnRlbnRcL3VwbG9hZHNcL3NpdGVzXC8zNVwvMjAyNlwvMDhcL0wzNEE5OTA1LTItc2NhbGVkLndlYnAiLCJzbGlkZXNob3ciOiI4ZGQxOWQ5In0%3D\">\n\t\t\t\t\t<div class=\"e-gallery-image elementor-gallery-item__image\" data-thumbnail=\"https:\/\/port.lukasiewicz.gov.pl\/wp-content\/uploads\/sites\/35\/2026\/08\/L34A9905-2-300x200.webp\" data-width=\"300\" data-height=\"200\" aria-label=\"\" role=\"img\" ><\/div>\n\t\t\t\t\t\t\t\t\t\t\t\t\t\t\t<div class=\"elementor-gallery-item__content\">\n\t\t\t\t\t\t\t\t\t\t\t\t\t\t<div class=\"elementor-gallery-item__description\">\n\t\t\t\t\t\t\t\t\t\t\t\t\t\t\t\t\t\tBuilding E\t\t\t\t\t\t\t\t<\/div>\n\t\t\t\t\t\t\t\t\t\t\t\t<\/div>\n\t\t\t\t\t\t\t\t\t<\/a>\n\t\t\t\t\t\t\t<a class=\"e-gallery-item elementor-gallery-item elementor-animated-content\" href=\"https:\/\/port.lukasiewicz.gov.pl\/wp-content\/uploads\/sites\/35\/2026\/08\/L34A0002-2-scaled.webp\" data-elementor-open-lightbox=\"yes\" data-elementor-lightbox-slideshow=\"8dd19d9\" data-elementor-lightbox-title=\"Building C\" data-e-action-hash=\"#elementor-action%3Aaction%3Dlightbox%26settings%3DeyJpZCI6MTAzOTAxLCJ1cmwiOiJodHRwczpcL1wvcG9ydC5sdWthc2lld2ljei5nb3YucGxcL3dwLWNvbnRlbnRcL3VwbG9hZHNcL3NpdGVzXC8zNVwvMjAyNlwvMDhcL0wzNEEwMDAyLTItc2NhbGVkLndlYnAiLCJzbGlkZXNob3ciOiI4ZGQxOWQ5In0%3D\">\n\t\t\t\t\t<div class=\"e-gallery-image elementor-gallery-item__image\" data-thumbnail=\"https:\/\/port.lukasiewicz.gov.pl\/wp-content\/uploads\/sites\/35\/2026\/08\/L34A0002-2-300x200.webp\" data-width=\"300\" data-height=\"200\" aria-label=\"\" role=\"img\" ><\/div>\n\t\t\t\t\t\t\t\t\t\t\t\t\t\t\t<div class=\"elementor-gallery-item__content\">\n\t\t\t\t\t\t\t\t\t\t\t\t\t\t<div class=\"elementor-gallery-item__description\">\n\t\t\t\t\t\t\t\t\t\t\t\t\t\t\t\t\t\tBuilding C\t\t\t\t\t\t\t\t<\/div>\n\t\t\t\t\t\t\t\t\t\t\t\t<\/div>\n\t\t\t\t\t\t\t\t\t<\/a>\n\t\t\t\t\t\t\t<a class=\"e-gallery-item elementor-gallery-item elementor-animated-content\" href=\"https:\/\/port.lukasiewicz.gov.pl\/wp-content\/uploads\/sites\/35\/2026\/08\/L34A9990-2-scaled.webp\" data-elementor-open-lightbox=\"yes\" data-elementor-lightbox-slideshow=\"8dd19d9\" data-elementor-lightbox-title=\"Building E\" data-e-action-hash=\"#elementor-action%3Aaction%3Dlightbox%26settings%3DeyJpZCI6MTAzOTAyLCJ1cmwiOiJodHRwczpcL1wvcG9ydC5sdWthc2lld2ljei5nb3YucGxcL3dwLWNvbnRlbnRcL3VwbG9hZHNcL3NpdGVzXC8zNVwvMjAyNlwvMDhcL0wzNEE5OTkwLTItc2NhbGVkLndlYnAiLCJzbGlkZXNob3ciOiI4ZGQxOWQ5In0%3D\">\n\t\t\t\t\t<div class=\"e-gallery-image elementor-gallery-item__image\" data-thumbnail=\"https:\/\/port.lukasiewicz.gov.pl\/wp-content\/uploads\/sites\/35\/2026\/08\/L34A9990-2-300x200.webp\" data-width=\"300\" data-height=\"200\" aria-label=\"\" role=\"img\" ><\/div>\n\t\t\t\t\t\t\t\t\t\t\t\t\t\t\t<div class=\"elementor-gallery-item__content\">\n\t\t\t\t\t\t\t\t\t\t\t\t\t\t<div class=\"elementor-gallery-item__description\">\n\t\t\t\t\t\t\t\t\t\t\t\t\t\t\t\t\t\tBuilding E\t\t\t\t\t\t\t\t<\/div>\n\t\t\t\t\t\t\t\t\t\t\t\t<\/div>\n\t\t\t\t\t\t\t\t\t<\/a>\n\t\t\t\t\t\t\t<a class=\"e-gallery-item elementor-gallery-item elementor-animated-content\" href=\"https:\/\/port.lukasiewicz.gov.pl\/wp-content\/uploads\/sites\/35\/2026\/08\/L34A9849-2-scaled.webp\" data-elementor-open-lightbox=\"yes\" data-elementor-lightbox-slideshow=\"8dd19d9\" data-elementor-lightbox-title=\"Building A and B\" data-e-action-hash=\"#elementor-action%3Aaction%3Dlightbox%26settings%3DeyJpZCI6MTAzOTAzLCJ1cmwiOiJodHRwczpcL1wvcG9ydC5sdWthc2lld2ljei5nb3YucGxcL3dwLWNvbnRlbnRcL3VwbG9hZHNcL3NpdGVzXC8zNVwvMjAyNlwvMDhcL0wzNEE5ODQ5LTItc2NhbGVkLndlYnAiLCJzbGlkZXNob3ciOiI4ZGQxOWQ5In0%3D\">\n\t\t\t\t\t<div class=\"e-gallery-image elementor-gallery-item__image\" data-thumbnail=\"https:\/\/port.lukasiewicz.gov.pl\/wp-content\/uploads\/sites\/35\/2026\/08\/L34A9849-2-300x200.webp\" data-width=\"300\" data-height=\"200\" aria-label=\"\" role=\"img\" ><\/div>\n\t\t\t\t\t\t\t\t\t\t\t\t\t\t\t<div class=\"elementor-gallery-item__content\">\n\t\t\t\t\t\t\t\t\t\t\t\t\t\t<div class=\"elementor-gallery-item__description\">\n\t\t\t\t\t\t\t\t\t\t\t\t\t\t\t\t\t\tBuilding A and B\t\t\t\t\t\t\t\t<\/div>\n\t\t\t\t\t\t\t\t\t\t\t\t<\/div>\n\t\t\t\t\t\t\t\t\t<\/a>\n\t\t\t\t\t\t\t<a class=\"e-gallery-item elementor-gallery-item elementor-animated-content\" href=\"https:\/\/port.lukasiewicz.gov.pl\/wp-content\/uploads\/sites\/35\/2026\/08\/L34A9867-3-scaled.webp\" data-elementor-open-lightbox=\"yes\" data-elementor-lightbox-slideshow=\"8dd19d9\" data-elementor-lightbox-title=\"Building B\" data-e-action-hash=\"#elementor-action%3Aaction%3Dlightbox%26settings%3DeyJpZCI6MTAzOTA0LCJ1cmwiOiJodHRwczpcL1wvcG9ydC5sdWthc2lld2ljei5nb3YucGxcL3dwLWNvbnRlbnRcL3VwbG9hZHNcL3NpdGVzXC8zNVwvMjAyNlwvMDhcL0wzNEE5ODY3LTMtc2NhbGVkLndlYnAiLCJzbGlkZXNob3ciOiI4ZGQxOWQ5In0%3D\">\n\t\t\t\t\t<div class=\"e-gallery-image elementor-gallery-item__image\" data-thumbnail=\"https:\/\/port.lukasiewicz.gov.pl\/wp-content\/uploads\/sites\/35\/2026\/08\/L34A9867-3-300x200.webp\" data-width=\"300\" data-height=\"200\" aria-label=\"Building B\" role=\"img\" ><\/div>\n\t\t\t\t\t\t\t\t\t\t\t\t\t\t\t<div class=\"elementor-gallery-item__content\">\n\t\t\t\t\t\t\t\t\t\t\t\t\t\t<div class=\"elementor-gallery-item__description\">\n\t\t\t\t\t\t\t\t\t\t\t\t\t\t\t\t\t\tBuilding B\t\t\t\t\t\t\t\t<\/div>\n\t\t\t\t\t\t\t\t\t\t\t\t<\/div>\n\t\t\t\t\t\t\t\t\t<\/a>\n\t\t\t\t\t<\/div>\n\t\t\t\t\t<\/div>\n\t\t\t\t<\/div>\n\t\t\t\t<\/div>\n\t\t\t\t\t<\/div>\n\t\t\t\t<\/div>\n\t\t\t\t<\/div>\n\t\t","protected":false},"excerpt":{"rendered":"<p>Get to know us The history of the Pracze Campus The history of the Pracze Campus dates back to the late 19th century, when a decision was made to build a modern care facility for the poor and people suffering from incurable illnesses. The location was chosen deliberately: the extensive green surroundings provided access to [&hellip;]<\/p>\n","protected":false},"author":218,"featured_media":0,"parent":32211,"menu_order":0,"comment_status":"closed","ping_status":"closed","template":"","meta":{"_acf_changed":false,"_seopress_titles_title":"The history of the Pracze Campus","_seopress_titles_desc":"The history of the Pracze Campus dates back to the late 19th century, when a decision was made to build a modern care facility for the poor and people suffering from incurable illnesses.","_seopress_robots_index":"","_seopress_robots_follow":"","_seopress_robots_imageindex":"","_seopress_robots_snippet":"","_seopress_robots_primary_cat":"","_seopress_robots_breadcrumbs":"","_seopress_robots_freeze_modified_date":"","_seopress_robots_custom_modified_date":"","_seopress_robots_canonical":"","_seopress_social_fb_title":"","_seopress_social_fb_desc":"","_seopress_social_fb_img":"","_seopress_social_fb_img_attachment_id":0,"_seopress_social_fb_img_width":0,"_seopress_social_fb_img_height":0,"_seopress_social_twitter_title":"","_seopress_social_twitter_desc":"","_seopress_social_twitter_img":"","_seopress_social_twitter_img_attachment_id":0,"_seopress_social_twitter_img_width":0,"_seopress_social_twitter_img_height":0,"_seopress_redirections_value":"","_seopress_redirections_enabled":"","_seopress_redirections_enabled_regex":"","_seopress_redirections_logged_status":"","_seopress_redirections_param":"","_seopress_redirections_type":0,"_seopress_analysis_target_kw":"","inline_featured_image":false,"footnotes":""},"class_list":["post-103906","page","type-page","status-publish","hentry"],"acf":{"page_icon":null},"publishpress_future_action":{"enabled":false,"date":"2026-09-10 23:46:27","action":"change-status","newStatus":"draft","terms":[],"taxonomy":"translation_priority","extraData":[]},"publishpress_future_workflow_manual_trigger":{"enabledWorkflows":[]},"_links":{"self":[{"href":"https:\/\/port.lukasiewicz.gov.pl\/en\/wp-json\/wp\/v2\/pages\/103906","targetHints":{"allow":["GET"]}}],"collection":[{"href":"https:\/\/port.lukasiewicz.gov.pl\/en\/wp-json\/wp\/v2\/pages"}],"about":[{"href":"https:\/\/port.lukasiewicz.gov.pl\/en\/wp-json\/wp\/v2\/types\/page"}],"author":[{"embeddable":true,"href":"https:\/\/port.lukasiewicz.gov.pl\/en\/wp-json\/wp\/v2\/users\/218"}],"replies":[{"embeddable":true,"href":"https:\/\/port.lukasiewicz.gov.pl\/en\/wp-json\/wp\/v2\/comments?post=103906"}],"version-history":[{"count":4,"href":"https:\/\/port.lukasiewicz.gov.pl\/en\/wp-json\/wp\/v2\/pages\/103906\/revisions"}],"predecessor-version":[{"id":104035,"href":"https:\/\/port.lukasiewicz.gov.pl\/en\/wp-json\/wp\/v2\/pages\/103906\/revisions\/104035"}],"up":[{"embeddable":true,"href":"https:\/\/port.lukasiewicz.gov.pl\/en\/wp-json\/wp\/v2\/pages\/32211"}],"wp:attachment":[{"href":"https:\/\/port.lukasiewicz.gov.pl\/en\/wp-json\/wp\/v2\/media?parent=103906"}],"curies":[{"name":"wp","href":"https:\/\/api.w.org\/{rel}","templated":true}]}}